{"id":1656,"date":"2019-05-29T10:36:41","date_gmt":"2019-05-29T10:36:41","guid":{"rendered":"https:\/\/masterensayosclinicos.vhir.org\/professorat-test\/?lang=es"},"modified":"2026-01-09T09:07:56","modified_gmt":"2026-01-09T09:07:56","slug":"profesorado","status":"publish","type":"page","link":"https:\/\/masterensayosclinicos.vhir.org\/es\/profesorado\/","title":{"rendered":"Profesorado"},"content":{"rendered":"<p><strong><span style=\"color: #000000;\"><span style=\"font-size: 14px;\">COORDINACI\u00d3N DE M\u00c1STER:<\/span>\u00a0<\/span><\/strong><\/p>\n<table style=\"width: 94.154%; height: 128px;\">\n<tbody>\n<tr style=\"height: 128px;\">\n<td style=\"width: 22.8621%; height: 128px;\"><img loading=\"lazy\" decoding=\"async\" class=\"alignnone size-medium wp-image-4046\" src=\"https:\/\/masterensayosclinicos.vhir.org\/wp-content\/uploads\/2024\/01\/inmaculada_fuentes_camps-9-300x300.jpg\" alt=\"\" width=\"300\" height=\"300\" srcset=\"https:\/\/masterensayosclinicos.vhir.org\/wp-content\/uploads\/2024\/01\/inmaculada_fuentes_camps-9-300x300.jpg 300w, https:\/\/masterensayosclinicos.vhir.org\/wp-content\/uploads\/2024\/01\/inmaculada_fuentes_camps-9-150x150.jpg 150w, https:\/\/masterensayosclinicos.vhir.org\/wp-content\/uploads\/2024\/01\/inmaculada_fuentes_camps-9-70x70.jpg 70w, https:\/\/masterensayosclinicos.vhir.org\/wp-content\/uploads\/2024\/01\/inmaculada_fuentes_camps-9.jpg 448w\" sizes=\"auto, (max-width: 300px) 100vw, 300px\" \/><\/td>\n<td style=\"width: 96.8586%; height: 128px;\">\n<p><span style=\"font-size: 14px;\"><span style=\"color: #800080;\"><a href=\"https:\/\/vhir.vallhebron.com\/es\/profesionales\/inmaculada-fuentes-camps\">\u00a0 \u00a0 \u00a0<span style=\"font-size: 16px;\">Dra. Inmaculada Fuentes Camps<\/span><\/a><span style=\"font-size: 16px;\">, Coordinadora del m\u00e1ster<\/span><\/span><span style=\"color: #800080; font-size: 16px;\">\u00a0 \u00a0<\/span><\/span><\/p>\n<ul>\n<li>M\u00e9dico especialista en Farmacolog\u00eda Cl\u00ednica<\/li>\n<li>Coordinadora Servicios cient\u00edfico t\u00e9cnicos cl\u00ednicos del VHIR<\/li>\n<li>Responsable de la Unidad de Soporte a la Investigaci\u00f3n Cl\u00ednica (USIC) del VHIR<\/li>\n<\/ul>\n<\/td>\n<\/tr>\n<\/tbody>\n<\/table>\n<p><span style=\"font-size: 16px; color: #000000;\"><strong>Profesorado:<\/strong><\/span><\/p>\n<p><span style=\"font-size: 16px;\"><strong><span style=\"color: #33cccc;\">Asignatura 1: Regulatoria, \u00e9tica y buenas pr\u00e1cticas en ensayos cl\u00ednicos<\/span><\/strong><\/span><\/p>\n<p><span style=\"font-size: 14px;\">Coordinadora: <span style=\"color: #000000;\"><strong><a style=\"color: #000000;\" href=\"https:\/\/vhir.vallhebron.com\/es\/profesionales\/maria-lujan-iavecchia\">Mar\u00eda Luj\u00e1n Iavecchia<\/a><\/strong><\/span><\/span><\/p>\n<p><span style=\"color: #33cccc; font-size: 16px;\"><strong>Asignatura 2:<\/strong> <strong>Metodolog\u00eda y dise\u00f1o de ensayos cl\u00ednicos<\/strong><\/span><\/p>\n<p><span style=\"font-size: 14px;\">Coordinador: <span style=\"color: #000000;\"><strong><a style=\"color: #000000;\" href=\"https:\/\/vhir.vallhebron.com\/es\/profesionales\/juan-manuel-pericas-pulido\">Dr. Juan Manuel Peric\u00e0s Pulido<\/a><\/strong><\/span><\/span><\/p>\n<p><span style=\"color: #33cccc; font-size: 16px;\"><strong>Asignatura 3:<\/strong> <strong>Gesti\u00f3n y coordinaci\u00f3n de ensayos cl\u00ednicos en entornos hospitalarios<\/strong><\/span><\/p>\n<p><span style=\"font-size: 14px;\">Coordinadora: <span style=\"color: #000000;\"><strong><a style=\"color: #000000;\" href=\"https:\/\/vhir.vallhebron.com\/es\/profesionales\/olga-sanchez-maroto-carrizo\">Olga S\u00e1nchez-Maroto Carrizo<\/a><\/strong><\/span><\/span><\/p>\n<p><span style=\"color: #33cccc; font-size: 16px;\"><strong>Asignatura 4:<\/strong> <strong>Coordinaci\u00f3n de ensayos cl\u00ednicos en enfermedades neurol\u00f3gicas y salud mental<\/strong><\/span><\/p>\n<p><span style=\"font-size: 14px;\">Coordinadora: <span style=\"color: #000000;\"><strong>Dr. Edoardo Caronna<\/strong><\/span><\/span><\/p>\n<p><span style=\"color: #33cccc; font-size: 16px;\"><strong>Asignatura 5:<\/strong> <strong>Coordinaci\u00f3n de ensayos cl\u00ednicos en enfermedades oncol\u00f3gicas y hematol\u00f3gicas<\/strong><\/span><\/p>\n<p><span style=\"font-size: 14px;\">Coordinadoras: <a href=\"https:\/\/www.linkedin.com\/in\/cristina-p%C3%A9rez-alonso-78a424153\/?originalSubdomain=es\"><span style=\"color: #000000;\"><b>Cristina P\u00e9rez<\/b><\/span><\/a><\/span><\/p>\n<p><span style=\"color: #33cccc; font-size: 16px;\"><strong>Asignatura 6: Coordinaci\u00f3n de ensayo cl\u00ednicos en enfermedades pedi\u00e1tricas, minoritarias y de salud de la mujer<\/strong><\/span><\/p>\n<p><span style=\"font-size: 14px;\">Coordinadora: <span style=\"color: #000000;\"><strong><a style=\"color: #000000;\" href=\"https:\/\/vhir.vallhebron.com\/ca\/professionals\/toro-riera-mireia-del\">Dra. Mireia del Toro<\/a><\/strong><\/span><\/span><\/p>\n<p><span style=\"color: #33cccc; font-size: 16px;\"><strong>Asignatura 7:<\/strong> <strong>Coordinaci\u00f3n de ensayos cl\u00ednicos en enfermedades cr\u00f3nicas y prevalentes<\/strong><\/span><\/p>\n<p><span style=\"font-size: 14px;\">Coordinador: <span style=\"color: #000000;\"><strong><a style=\"color: #000000;\" href=\"https:\/\/vhir.vallhebron.com\/ca\/professionals\/ferreira-gonzalez-ignacio\">Dr. Ignacio Ferreira Gonz\u00e1lez<\/a><\/strong><\/span><\/span><\/p>\n<p><span style=\"color: #33cccc; font-size: 16px;\"><strong>Asignatura 8:<\/strong> <strong>Pr\u00e1cticas externas<\/strong><\/span><\/p>\n<p><span style=\"font-size: 14px;\">Coordinaci\u00f3n: Dr. Francisco Gonz\u00e1lez<\/span><\/p>\n<p><span style=\"color: #33cccc; font-size: 14px;\"><strong><span style=\"font-size: 16px;\">Asignatura 9:<\/span> <span style=\"font-size: 16px;\">Trabajo Final de M\u00e1ster<\/span><\/strong><\/span><\/p>\n<p><span style=\"font-size: 14px;\">Coordinaci\u00f3n: <span style=\"color: #000000;\"><strong><a style=\"color: #000000;\" href=\"https:\/\/vhir.vallhebron.com\/ca\/professionals\/inmaculada-fuentes-camps\">Dra. Inmaculada Fuentes Camps<\/a><\/strong><\/span><\/span><\/p>\n","protected":false},"excerpt":{"rendered":"<p>COORDINACI\u00d3N DE M\u00c1STER:\u00a0 \u00a0 \u00a0 \u00a0Dra. Inmaculada Fuentes Camps, Coordinadora del m\u00e1ster\u00a0 \u00a0 M\u00e9dico especialista en Farmacolog\u00eda Cl\u00ednica Coordinadora Servicios cient\u00edfico t\u00e9cnicos cl\u00ednicos del VHIR Responsable de la Unidad de Soporte a la Investigaci\u00f3n Cl\u00ednica (USIC) del VHIR Profesorado: Asignatura 1: Regulatoria, \u00e9tica y buenas pr\u00e1cticas en ensayos cl\u00ednicos Coordinadora: Mar\u00eda Luj\u00e1n Iavecchia Asignatura 2: [&hellip;]<\/p>\n","protected":false},"author":2,"featured_media":2983,"parent":0,"menu_order":0,"comment_status":"closed","ping_status":"closed","template":"page-basic.php","meta":{"_acf_changed":false,"footnotes":""},"class_list":["post-1656","page","type-page","status-publish","has-post-thumbnail","hentry"],"acf":[],"_links":{"self":[{"href":"https:\/\/masterensayosclinicos.vhir.org\/es\/wp-json\/wp\/v2\/pages\/1656","targetHints":{"allow":["GET"]}}],"collection":[{"href":"https:\/\/masterensayosclinicos.vhir.org\/es\/wp-json\/wp\/v2\/pages"}],"about":[{"href":"https:\/\/masterensayosclinicos.vhir.org\/es\/wp-json\/wp\/v2\/types\/page"}],"author":[{"embeddable":true,"href":"https:\/\/masterensayosclinicos.vhir.org\/es\/wp-json\/wp\/v2\/users\/2"}],"replies":[{"embeddable":true,"href":"https:\/\/masterensayosclinicos.vhir.org\/es\/wp-json\/wp\/v2\/comments?post=1656"}],"version-history":[{"count":56,"href":"https:\/\/masterensayosclinicos.vhir.org\/es\/wp-json\/wp\/v2\/pages\/1656\/revisions"}],"predecessor-version":[{"id":4336,"href":"https:\/\/masterensayosclinicos.vhir.org\/es\/wp-json\/wp\/v2\/pages\/1656\/revisions\/4336"}],"wp:featuredmedia":[{"embeddable":true,"href":"https:\/\/masterensayosclinicos.vhir.org\/es\/wp-json\/wp\/v2\/media\/2983"}],"wp:attachment":[{"href":"https:\/\/masterensayosclinicos.vhir.org\/es\/wp-json\/wp\/v2\/media?parent=1656"}],"curies":[{"name":"wp","href":"https:\/\/api.w.org\/{rel}","templated":true}]}}